{"id":5458,"date":"2022-04-08T17:17:48","date_gmt":"2022-04-08T15:17:48","guid":{"rendered":"https:\/\/cpc-pharma.com\/?page_id=5458"},"modified":"2026-05-01T14:40:06","modified_gmt":"2026-05-01T12:40:06","slug":"campagne-mai-violet-kare-sante","status":"publish","type":"page","link":"https:\/\/karesantegroupe.com\/es\/campagne-mai-violet-kare-sante\/","title":{"rendered":"Campagne mai violet KARE SANT\u00c9"},"content":{"rendered":"<div id='av_section_1'  class='avia-section main_color avia-section-default avia-no-border-styling  avia-bg-style-scroll  avia-builder-el-0  el_before_av_section  avia-builder-el-first   container_wrap sidebar_right' style='background-color: #e9e0ee;  '  ><div class='container' ><main  role=\"main\" itemprop=\"mainContentOfPage\"  class='template-page content  av-content-small alpha units'><div class='post-entry post-entry-type-page post-entry-5458'><div class='entry-content-wrapper clearfix'>\n<section class=\"av_textblock_section\"  itemscope=\"itemscope\" itemtype=\"https:\/\/schema.org\/CreativeWork\" ><div class='avia_textblock  av_inherit_color'  style='color:#ffffff; '  itemprop=\"text\" ><h1 style=\"text-align: center; color: #634098; font-size: 50px;\"><span class=\"a_GcMg font-feature-liga-off font-feature-clig-off font-feature-calt-off text-decoration-none text-strikethrough-none\">MAI VIOLET<\/span><\/h1>\n<h1 style=\"text-align: center; color: #634098; font-size: 50px;\"><span class=\"a_GcMg font-feature-liga-off font-feature-clig-off font-feature-calt-off text-decoration-none text-strikethrough-none\">LE MOI DE LA LUTTE CONTRE LES CANCERS DE LA PEAU<\/span><\/h1>\n<\/div><\/section>\n<div  class='avia-video avia-video-16-9   av-lazyload-immediate  av-lazyload-video-embed'   itemprop=\"video\" itemtype=\"https:\/\/schema.org\/VideoObject\"  data-original_url='https:\/\/youtu.be\/pHnm81_lHOE' ><script type='text\/html' class='av-video-tmpl'><div class='avia-iframe-wrap'><iframe loading=\"lazy\" title=\"VIDE\u0301O MAI VIOLET\" width=\"1500\" height=\"844\" src=\"https:\/\/www.youtube.com\/embed\/pHnm81_lHOE?feature=oembed&autoplay=1&loop=1&controls=0&mute=1\" frameborder=\"0\" allow=\"accelerometer; autoplay; clipboard-write; encrypted-media; gyroscope; picture-in-picture; web-share\" referrerpolicy=\"strict-origin-when-cross-origin\" allowfullscreen><\/iframe><\/div><\/script><div class='av-click-to-play-overlay'><div class=\"avia_playpause_icon\"><\/div><\/div><\/div>\n<div  class='avia-button-wrap avia-button-center  avia-builder-el-3  el_after_av_video  avia-builder-el-last' ><a href='https:\/\/karesantegroupe.com\/es\/pharmacies-cpc-pharma\/'  class='avia-button   avia-icon_select-yes-left-icon avia-size-medium avia-position-center'  style='background-color:#8f40dd; border-color:#8f40dd; color:#ffffff; ' ><span class='avia_button_icon avia_button_icon_left' aria-hidden='true' data-av_icon='\ue842' data-av_iconfont='entypo-fontello'><\/span><span class='avia_iconbox_title' >Encontrar mi farmacia<\/span><span class='avia_button_background avia-button avia-color-light' ><\/span><\/a><\/div>\n<\/div><\/div><\/main><!-- close content main element --><\/div><\/div><div id='av_section_2'  class='avia-section main_color avia-section-default avia-no-border-styling  avia-bg-style-scroll  avia-builder-el-4  el_after_av_section  el_before_av_section   container_wrap sidebar_right' style='background-color: #634098;  '  ><div class='container' ><div class='template-page content  av-content-small alpha units'><div class='post-entry post-entry-type-page post-entry-5458'><div class='entry-content-wrapper clearfix'>\n<section class=\"av_textblock_section\"  itemscope=\"itemscope\" itemtype=\"https:\/\/schema.org\/CreativeWork\" ><div class='avia_textblock  av_inherit_color'  style='color:#ffffff; '  itemprop=\"text\" ><h1 style=\"text-align: center; color: #ffffff;\"><span class=\"a_GcMg font-feature-liga-off font-feature-clig-off font-feature-calt-off text-decoration-none text-strikethrough-none\">le pharmacien confirme son r\u00f4le croissant en pr\u00e9vention<\/span><\/h1>\n<\/div><\/section>\n<div class=\"flex_column av_one_half  flex_column_div av-zero-column-padding first  avia-builder-el-6  el_after_av_textblock  el_before_av_one_half  column-top-margin\" style='border-radius:0px; '><section class=\"av_textblock_section\"  itemscope=\"itemscope\" itemtype=\"https:\/\/schema.org\/CreativeWork\" ><div class='avia_textblock  av_inherit_color'  style='color:#ffffff; '  itemprop=\"text\" ><p><span class=\"a_GcMg font-feature-liga-off font-feature-clig-off font-feature-calt-off text-decoration-none text-strikethrough-none; text-align: justify;\">Kare Sant\u00e9, groupement national de pharmacies ind\u00e9pendantes (120 officines), soutient Mai Violet, une campagne nationale de pr\u00e9vention des cancers cutan\u00e9s.<br \/>\nAu-del\u00e0 d\u2019une op\u00e9ration de sensibilisation, cette initiative s\u2019inscrit dans une dynamique de fond : l\u2019\u00e9volution des missions du pharmacien, dont le r\u00f4le s\u2019\u00e9tend d\u00e9sormais au-del\u00e0 de la dispensation, avec un engagement renforc\u00e9 dans la pr\u00e9vention, le d\u00e9pistage pr\u00e9coce et l\u2019accompagnement des patients.<br \/>\nFace aux tensions d\u2019acc\u00e8s aux sp\u00e9cialistes, l\u2019officine s\u2019affirme comme un maillon cl\u00e9 du parcours de soins, en structurant la pr\u00e9vention, le rep\u00e9rage pr\u00e9coce et l\u2019orientation des patients.<br \/>\n<\/span><\/p>\n<\/div><\/section><\/div><div class=\"flex_column av_one_half  flex_column_div av-zero-column-padding   avia-builder-el-8  el_after_av_one_half  el_before_av_hr  column-top-margin\" style='border-radius:0px; '><div  class='avia-image-container  av-styling-    avia-builder-el-9  avia-builder-el-no-sibling  avia-align-center'  itemprop=\"image\" itemscope=\"itemscope\" itemtype=\"https:\/\/schema.org\/ImageObject\"  ><div class='avia-image-container-inner'><div class='avia-image-overlay-wrap'><img decoding=\"async\" class='wp-image-10429 avia-img-lazy-loading-not-10429 avia_image' src=\"https:\/\/karesantegroupe.com\/wp-content\/uploads\/2026\/04\/PHARMACIE-GREGOIRE-MAI-VIOLET-light-1030x773.jpg\" alt='' title='PHARMACIE GRE\u0301GOIRE MAI VIOLET light' height=\"773\" width=\"1030\"  itemprop=\"thumbnailUrl\" srcset=\"https:\/\/karesantegroupe.com\/wp-content\/uploads\/2026\/04\/PHARMACIE-GREGOIRE-MAI-VIOLET-light-1030x773.jpg 1030w, https:\/\/karesantegroupe.com\/wp-content\/uploads\/2026\/04\/PHARMACIE-GREGOIRE-MAI-VIOLET-light-300x225.jpg 300w, https:\/\/karesantegroupe.com\/wp-content\/uploads\/2026\/04\/PHARMACIE-GREGOIRE-MAI-VIOLET-light-768x576.jpg 768w, https:\/\/karesantegroupe.com\/wp-content\/uploads\/2026\/04\/PHARMACIE-GREGOIRE-MAI-VIOLET-light-1536x1152.jpg 1536w, https:\/\/karesantegroupe.com\/wp-content\/uploads\/2026\/04\/PHARMACIE-GREGOIRE-MAI-VIOLET-light-2048x1536.jpg 2048w, https:\/\/karesantegroupe.com\/wp-content\/uploads\/2026\/04\/PHARMACIE-GREGOIRE-MAI-VIOLET-light-16x12.jpg 16w, https:\/\/karesantegroupe.com\/wp-content\/uploads\/2026\/04\/PHARMACIE-GREGOIRE-MAI-VIOLET-light-1500x1125.jpg 1500w, https:\/\/karesantegroupe.com\/wp-content\/uploads\/2026\/04\/PHARMACIE-GREGOIRE-MAI-VIOLET-light-705x529.jpg 705w\" sizes=\"(max-width: 1030px) 100vw, 1030px\" \/><\/div><\/div><\/div><\/div><div  style='height:50px' class='hr hr-invisible   avia-builder-el-10  el_after_av_one_half  el_before_av_textblock'><span class='hr-inner' ><span class='hr-inner-style'><\/span><\/span><\/div>\n<section class=\"av_textblock_section\"  itemscope=\"itemscope\" itemtype=\"https:\/\/schema.org\/CreativeWork\" ><div class='avia_textblock  av_inherit_color'  style='color:#ffffff; '  itemprop=\"text\" ><h1 style=\"text-align: center; color: #ffffff;\"><span class=\"a_GcMg font-feature-liga-off font-feature-clig-off font-feature-calt-off text-decoration-none text-strikethrough-none\">Kare Sant\u00e9, un acteur de sant\u00e9 engag\u00e9 dans les missions de sant\u00e9 publique.<\/span><\/h1>\n<\/div><\/section>\n<div class=\"flex_column av_one_half  flex_column_div av-zero-column-padding first  avia-builder-el-12  el_after_av_textblock  el_before_av_one_half  column-top-margin\" style='border-radius:0px; '><div  class='avia-image-container  av-styling-    avia-builder-el-13  avia-builder-el-no-sibling  avia-align-center'  itemprop=\"image\" itemscope=\"itemscope\" itemtype=\"https:\/\/schema.org\/ImageObject\"  ><div class='avia-image-container-inner'><div class='avia-image-overlay-wrap'><img decoding=\"async\" class='wp-image-10543 avia-img-lazy-loading-not-10543 avia_image' src=\"https:\/\/karesantegroupe.com\/wp-content\/uploads\/2026\/04\/PHARMACIE-SAINTE-CATHERINE-FACADE-LIGHT-1030x687.jpg\" alt='' title='PHARMACIE SAINTE CATHERINE FACADE LIGHT' height=\"687\" width=\"1030\"  itemprop=\"thumbnailUrl\" srcset=\"https:\/\/karesantegroupe.com\/wp-content\/uploads\/2026\/04\/PHARMACIE-SAINTE-CATHERINE-FACADE-LIGHT-1030x687.jpg 1030w, https:\/\/karesantegroupe.com\/wp-content\/uploads\/2026\/04\/PHARMACIE-SAINTE-CATHERINE-FACADE-LIGHT-300x200.jpg 300w, https:\/\/karesantegroupe.com\/wp-content\/uploads\/2026\/04\/PHARMACIE-SAINTE-CATHERINE-FACADE-LIGHT-768x512.jpg 768w, https:\/\/karesantegroupe.com\/wp-content\/uploads\/2026\/04\/PHARMACIE-SAINTE-CATHERINE-FACADE-LIGHT-1536x1024.jpg 1536w, https:\/\/karesantegroupe.com\/wp-content\/uploads\/2026\/04\/PHARMACIE-SAINTE-CATHERINE-FACADE-LIGHT-2048x1365.jpg 2048w, https:\/\/karesantegroupe.com\/wp-content\/uploads\/2026\/04\/PHARMACIE-SAINTE-CATHERINE-FACADE-LIGHT-18x12.jpg 18w, https:\/\/karesantegroupe.com\/wp-content\/uploads\/2026\/04\/PHARMACIE-SAINTE-CATHERINE-FACADE-LIGHT-1500x1000.jpg 1500w, https:\/\/karesantegroupe.com\/wp-content\/uploads\/2026\/04\/PHARMACIE-SAINTE-CATHERINE-FACADE-LIGHT-705x470.jpg 705w\" sizes=\"(max-width: 1030px) 100vw, 1030px\" \/><\/div><\/div><\/div><\/div><div class=\"flex_column av_one_half  flex_column_div av-zero-column-padding   avia-builder-el-14  el_after_av_one_half  avia-builder-el-last  column-top-margin\" style='border-radius:0px; '><section class=\"av_textblock_section\"  itemscope=\"itemscope\" itemtype=\"https:\/\/schema.org\/CreativeWork\" ><div class='avia_textblock  av_inherit_color'  style='color:#ffffff; '  itemprop=\"text\" ><p class=\"cvGsUA direction-ltr align-justify para-style-body\"><span class=\"a_GcMg font-feature-liga-off font-feature-clig-off font-feature-calt-off text-decoration-none text-strikethrough-none\">Depuis sa cr\u00e9ation, le groupement Kare Sant\u00e9 s\u2019inscrit pleinement dans les missions de sant\u00e9 publique. Au quotidien, ses pharmaciens jouent un r\u00f4le essentiel en mati\u00e8re de d\u00e9pistage, de pr\u00e9vention et de conseil aupr\u00e8s des patients.<\/span><\/p>\n<p class=\"cvGsUA direction-ltr align-justify para-style-body\">\n<p class=\"cvGsUA direction-ltr align-justify para-style-body\"><span class=\"a_GcMg font-feature-liga-off font-feature-clig-off font-feature-calt-off text-decoration-none text-strikethrough-none\">Dans cette dynamique, le groupement renforce son engagement au mois de mai avec <\/span><span class=\"a_GcMg font-feature-liga-off font-feature-clig-off font-feature-calt-off text-decoration-none text-strikethrough-none\">une campagne d\u00e9di\u00e9e \u00e0 la lutte contre les cancers de la peau<\/span><span class=\"a_GcMg font-feature-liga-off font-feature-clig-off font-feature-calt-off text-decoration-none text-strikethrough-none\">. Face \u00e0 un enjeu de sant\u00e9 qui concerne l\u2019ensemble de la population et auquel les \u00e9quipes officinales sont r\u00e9guli\u00e8rement confront\u00e9es,<\/span> <span class=\"a_GcMg font-feature-liga-off font-feature-clig-off font-feature-calt-off text-decoration-none text-strikethrough-none\">Kare Sant\u00e9 s\u2019associe \u00e0 France Asso Cancer et Peau afin de porter un message fort et engag\u00e9, et d\u2019amplifier l\u2019impact de ses actions de sensibilisation.<\/span><\/p>\n<\/div><\/section><\/div><\/div><\/div><\/div><!-- close content main div --><\/div><\/div><div id='av_section_3'  class='avia-section main_color avia-section-default avia-no-border-styling  avia-bg-style-scroll  avia-builder-el-16  el_after_av_section  el_before_av_section   container_wrap sidebar_right' style='background-color: #e9e0ee;  '  ><div class='container' ><div class='template-page content  av-content-small alpha units'><div class='post-entry post-entry-type-page post-entry-5458'><div class='entry-content-wrapper clearfix'>\n<div  class='avia-image-container  av-styling-    avia-builder-el-17  el_before_av_hr  avia-builder-el-first  avia-align-center'  itemprop=\"image\" itemscope=\"itemscope\" itemtype=\"https:\/\/schema.org\/ImageObject\"  ><div class='avia-image-container-inner'><div class='avia-image-overlay-wrap'><img decoding=\"async\" class='wp-image-10434 avia-img-lazy-loading-not-10434 avia_image' src=\"https:\/\/karesantegroupe.com\/wp-content\/uploads\/2026\/04\/LOGO-CAMPAGNE-MAI-VIOLET-2-scaled.png\" alt='' title='LOGO CAMPAGNE MAI VIOLET 2' height=\"399\" width=\"2560\"  itemprop=\"thumbnailUrl\" srcset=\"https:\/\/karesantegroupe.com\/wp-content\/uploads\/2026\/04\/LOGO-CAMPAGNE-MAI-VIOLET-2-scaled.png 2560w, https:\/\/karesantegroupe.com\/wp-content\/uploads\/2026\/04\/LOGO-CAMPAGNE-MAI-VIOLET-2-300x47.png 300w, https:\/\/karesantegroupe.com\/wp-content\/uploads\/2026\/04\/LOGO-CAMPAGNE-MAI-VIOLET-2-1030x161.png 1030w, https:\/\/karesantegroupe.com\/wp-content\/uploads\/2026\/04\/LOGO-CAMPAGNE-MAI-VIOLET-2-768x120.png 768w, https:\/\/karesantegroupe.com\/wp-content\/uploads\/2026\/04\/LOGO-CAMPAGNE-MAI-VIOLET-2-1536x240.png 1536w, https:\/\/karesantegroupe.com\/wp-content\/uploads\/2026\/04\/LOGO-CAMPAGNE-MAI-VIOLET-2-2048x320.png 2048w, https:\/\/karesantegroupe.com\/wp-content\/uploads\/2026\/04\/LOGO-CAMPAGNE-MAI-VIOLET-2-18x3.png 18w, https:\/\/karesantegroupe.com\/wp-content\/uploads\/2026\/04\/LOGO-CAMPAGNE-MAI-VIOLET-2-1500x234.png 1500w, https:\/\/karesantegroupe.com\/wp-content\/uploads\/2026\/04\/LOGO-CAMPAGNE-MAI-VIOLET-2-705x110.png 705w\" sizes=\"(max-width: 2560px) 100vw, 2560px\" \/><\/div><\/div><\/div>\n<div  style='height:50px' class='hr hr-invisible   avia-builder-el-18  el_after_av_image  el_before_av_textblock'><span class='hr-inner' ><span class='hr-inner-style'><\/span><\/span><\/div>\n<section class=\"av_textblock_section\"  itemscope=\"itemscope\" itemtype=\"https:\/\/schema.org\/CreativeWork\" ><div class='avia_textblock  av_inherit_color'  style='color:#ffffff; '  itemprop=\"text\" ><h1 style=\"text-align: center; color: #634098;\"><span class=\"a_GcMg font-feature-liga-off font-feature-clig-off font-feature-calt-off text-decoration-none text-strikethrough-none\">Cancers cutan\u00e9s : un enjeu croissant de sant\u00e9 publique<\/span><\/h1>\n<\/div><\/section>\n<div class=\"flex_column av_one_third  flex_column_div first  avia-builder-el-20  el_after_av_textblock  el_before_av_one_third  column-top-margin\" style='margin-top:50; margin-bottom:50; background: #634098; -webkit-transform: scale(1.1); -ms-transform: scale(1.1); transform: scale(1.1); z-index: 4;padding:50px; background-color:#634098; border-radius:20px; '><section class=\"av_textblock_section\"  itemscope=\"itemscope\" itemtype=\"https:\/\/schema.org\/CreativeWork\" ><div class='avia_textblock  av_inherit_color'  style='color:#ffffff; '  itemprop=\"text\" ><h1 style=\"text-align: center; color: #ffffff; font-size: 70px;\"><span class=\"a_GcMg font-feature-liga-off font-feature-clig-off font-feature-calt-off text-decoration-none text-strikethrough-none\">#1<\/span><\/h1>\n<\/div><\/section><br \/>\n<section class=\"av_textblock_section\"  itemscope=\"itemscope\" itemtype=\"https:\/\/schema.org\/CreativeWork\" ><div class='avia_textblock  av_inherit_color'  style='color:#ffffff; '  itemprop=\"text\" ><h2 style=\"text-align: center; color: #ffffff; text-transform: uppercase;\"><span class=\"a_GcMg font-feature-liga-off font-feature-clig-off font-feature-calt-off text-decoration-none text-strikethrough-none\">cancer le plus fr\u00e9quent chez les 25\u201340 anS<\/span><\/h2>\n<\/div><\/section><\/p><\/div><div class=\"flex_column av_one_third  flex_column_div   avia-builder-el-23  el_after_av_one_third  el_before_av_one_third  column-top-margin\" style='margin-top:50; margin-bottom:50; background: #634098; -webkit-transform: scale(1.1); -ms-transform: scale(1.1); transform: scale(1.1); z-index: 4;padding:50px; background-color:#634098; border-radius:20px; '><section class=\"av_textblock_section\"  itemscope=\"itemscope\" itemtype=\"https:\/\/schema.org\/CreativeWork\" ><div class='avia_textblock  av_inherit_color'  style='color:#ffffff; '  itemprop=\"text\" ><h1 style=\"text-align: center; color: #ffffff; font-size: 70px; text-transform: lowercase;\"><span class=\"a_GcMg font-feature-liga-off font-feature-clig-off font-feature-calt-off text-decoration-none text-strikethrough-none\">100k+<\/span><\/h1>\n<\/div><\/section><br \/>\n<section class=\"av_textblock_section\"  itemscope=\"itemscope\" itemtype=\"https:\/\/schema.org\/CreativeWork\" ><div class='avia_textblock  av_inherit_color'  style='color:#ffffff; '  itemprop=\"text\" ><h2 style=\"text-align: center; color: #ffffff; text-transform: uppercase;\"><span class=\"a_GcMg font-feature-liga-off font-feature-clig-off font-feature-calt-off text-decoration-none text-strikethrough-none\">nouveaux cas de cancers cutan\u00e9s\/an en France<\/span><\/h2>\n<\/div><\/section><\/p><\/div><div class=\"flex_column av_one_third  flex_column_div   avia-builder-el-26  el_after_av_one_third  el_before_av_hr  column-top-margin\" style='margin-top:50; margin-bottom:50; background: #634098; -webkit-transform: scale(1.1); -ms-transform: scale(1.1); transform: scale(1.1); z-index: 4;padding:50px; background-color:#634098; border-radius:20px; '><section class=\"av_textblock_section\"  itemscope=\"itemscope\" itemtype=\"https:\/\/schema.org\/CreativeWork\" ><div class='avia_textblock  av_inherit_color'  style='color:#ffffff; '  itemprop=\"text\" ><h1 style=\"text-align: center; color: #ffffff; font-size: 70px\"><span class=\"a_GcMg font-feature-liga-off font-feature-clig-off font-feature-calt-off text-decoration-none text-strikethrough-none\">90%<\/span><\/h1>\n<\/div><\/section><br \/>\n<section class=\"av_textblock_section\"  itemscope=\"itemscope\" itemtype=\"https:\/\/schema.org\/CreativeWork\" ><div class='avia_textblock  av_inherit_color'  style='color:#ffffff; '  itemprop=\"text\" ><h2 style=\"text-align: center; color: #ffffff; text-transform: uppercase;\"><span class=\"a_GcMg font-feature-liga-off font-feature-clig-off font-feature-calt-off text-decoration-none text-strikethrough-none\">des cas peuvent \u00eatre gu\u00e9ris s\u2019ils sont d\u00e9tect\u00e9s t\u00f4t<\/span><\/h2>\n<\/div><\/section><\/p><\/div><div  style='height:70px' class='hr hr-invisible   avia-builder-el-29  el_after_av_one_third  el_before_av_one_half'><span class='hr-inner' ><span class='hr-inner-style'><\/span><\/span><\/div>\n<div class=\"flex_column av_one_half  flex_column_div av-zero-column-padding first  avia-builder-el-30  el_after_av_hr  el_before_av_one_half\" style='border-radius:0px; '><section class=\"av_textblock_section\"  itemscope=\"itemscope\" itemtype=\"https:\/\/schema.org\/CreativeWork\" ><div class='avia_textblock  av_inherit_color'  style='color:#ffffff; '  itemprop=\"text\" ><h1 style=\"text-align: center; color: #634098;\"><span class=\"a_GcMg font-feature-liga-off font-feature-clig-off font-feature-calt-off text-decoration-none text-strikethrough-none\">La pr\u00e9vention, levier essentiel contre les cancers cutan\u00e9s<\/span><\/h1>\n<\/div><\/section><br \/>\n<section class=\"av_textblock_section\"  itemscope=\"itemscope\" itemtype=\"https:\/\/schema.org\/CreativeWork\" ><div class='avia_textblock  av_inherit_color'  style='color:#ffffff; '  itemprop=\"text\" ><h3 style=\"text-align: center; color: #634098;\"><span class=\"a_GcMg font-feature-liga-off font-feature-clig-off font-feature-calt-off text-decoration-none text-strikethrough-none\">La pr\u00e9vention reste aujourd\u2019hui le moyen le plus efficace pour r\u00e9duire l\u2019impact des cancers cutan\u00e9s. Protection solaire, surveillance r\u00e9guli\u00e8re de la peau, vigilance face aux expositions r\u00e9p\u00e9t\u00e9es : ces gestes simples peuvent sauver des vies lorsqu\u2019ils sont adopt\u00e9s durablement. Sensibiliser largement et faire \u00e9voluer les comportements est donc un enjeu prioritaire de sant\u00e9 publique.<\/span><\/h3>\n<\/div><\/section><\/p><\/div><div class=\"flex_column av_one_half  flex_column_div av-zero-column-padding   avia-builder-el-33  el_after_av_one_half  el_before_av_one_half\" style='border-radius:0px; '><div  class='avia-image-container  av-styling-    avia-builder-el-34  avia-builder-el-no-sibling  avia-align-center'  itemprop=\"image\" itemscope=\"itemscope\" itemtype=\"https:\/\/schema.org\/ImageObject\"  ><div class='avia-image-container-inner'><div class='avia-image-overlay-wrap'><img decoding=\"async\" class='wp-image-10460 avia-img-lazy-loading-not-10460 avia_image' src=\"https:\/\/karesantegroupe.com\/wp-content\/uploads\/2026\/04\/162-1030x686.jpg\" alt='' title='162' height=\"686\" width=\"1030\"  itemprop=\"thumbnailUrl\" srcset=\"https:\/\/karesantegroupe.com\/wp-content\/uploads\/2026\/04\/162-1030x686.jpg 1030w, https:\/\/karesantegroupe.com\/wp-content\/uploads\/2026\/04\/162-300x200.jpg 300w, https:\/\/karesantegroupe.com\/wp-content\/uploads\/2026\/04\/162-768x512.jpg 768w, https:\/\/karesantegroupe.com\/wp-content\/uploads\/2026\/04\/162-1536x1024.jpg 1536w, https:\/\/karesantegroupe.com\/wp-content\/uploads\/2026\/04\/162-18x12.jpg 18w, https:\/\/karesantegroupe.com\/wp-content\/uploads\/2026\/04\/162-1500x1000.jpg 1500w, https:\/\/karesantegroupe.com\/wp-content\/uploads\/2026\/04\/162-705x470.jpg 705w, https:\/\/karesantegroupe.com\/wp-content\/uploads\/2026\/04\/162.jpg 2000w\" sizes=\"(max-width: 1030px) 100vw, 1030px\" \/><\/div><\/div><\/div><\/div><div class=\"flex_column av_one_half  flex_column_div av-zero-column-padding first  avia-builder-el-35  el_after_av_one_half  el_before_av_one_half  column-top-margin\" style='border-radius:0px; '><div  class='avia-image-container  av-styling-    avia-builder-el-36  avia-builder-el-no-sibling  avia-align-center'  itemprop=\"image\" itemscope=\"itemscope\" itemtype=\"https:\/\/schema.org\/ImageObject\"  ><div class='avia-image-container-inner'><div class='avia-image-overlay-wrap'><img decoding=\"async\" class='wp-image-10464 avia-img-lazy-loading-not-10464 avia_image' src=\"https:\/\/karesantegroupe.com\/wp-content\/uploads\/2026\/04\/2150348260-1030x687.jpg\" alt='' title='2150348260' height=\"687\" width=\"1030\"  itemprop=\"thumbnailUrl\" srcset=\"https:\/\/karesantegroupe.com\/wp-content\/uploads\/2026\/04\/2150348260-1030x687.jpg 1030w, https:\/\/karesantegroupe.com\/wp-content\/uploads\/2026\/04\/2150348260-300x200.jpg 300w, https:\/\/karesantegroupe.com\/wp-content\/uploads\/2026\/04\/2150348260-768x512.jpg 768w, https:\/\/karesantegroupe.com\/wp-content\/uploads\/2026\/04\/2150348260-1536x1025.jpg 1536w, https:\/\/karesantegroupe.com\/wp-content\/uploads\/2026\/04\/2150348260-18x12.jpg 18w, https:\/\/karesantegroupe.com\/wp-content\/uploads\/2026\/04\/2150348260-1500x1001.jpg 1500w, https:\/\/karesantegroupe.com\/wp-content\/uploads\/2026\/04\/2150348260-705x470.jpg 705w, https:\/\/karesantegroupe.com\/wp-content\/uploads\/2026\/04\/2150348260.jpg 2000w\" sizes=\"(max-width: 1030px) 100vw, 1030px\" \/><\/div><\/div><\/div><\/div><div class=\"flex_column av_one_half  flex_column_div av-zero-column-padding   avia-builder-el-37  el_after_av_one_half  el_before_av_hr  column-top-margin\" style='border-radius:0px; '><section class=\"av_textblock_section\"  itemscope=\"itemscope\" itemtype=\"https:\/\/schema.org\/CreativeWork\" ><div class='avia_textblock  av_inherit_color'  style='color:#ffffff; '  itemprop=\"text\" ><h1 style=\"text-align: center; color: #634098;\"><span class=\"a_GcMg font-feature-liga-off font-feature-clig-off font-feature-calt-off text-decoration-none text-strikethrough-none\">L\u2019officine, un acteur de proximit\u00e9 en premi\u00e8re ligne<\/span><\/h1>\n<\/div><\/section><br \/>\n<section class=\"av_textblock_section\"  itemscope=\"itemscope\" itemtype=\"https:\/\/schema.org\/CreativeWork\" ><div class='avia_textblock  av_inherit_color'  style='color:#ffffff; '  itemprop=\"text\" ><h3 style=\"text-align: center; color: #634098;\"><span class=\"a_GcMg font-feature-liga-off font-feature-clig-off font-feature-calt-off text-decoration-none text-strikethrough-none\">Les pharmacies occupent une place essentielle dans le parcours de sant\u00e9. Elles constituent un point de contact privil\u00e9gi\u00e9 pour les patients. Les pharmaciens jouent un r\u00f4le cl\u00e9 dans l\u2019observation de signes d\u2019alerte, l\u2019orientation vers un professionnel de sant\u00e9 et la diffusion des messages de pr\u00e9vention. Leur proximit\u00e9 en fait un maillon d\u00e9terminant dans la d\u00e9tection pr\u00e9coce et l\u2019accompagnement du public.<\/span><\/h3>\n<\/div><\/section><\/p><\/div><div  style='height:70px' class='hr hr-invisible   avia-builder-el-40  el_after_av_one_half  el_before_av_textblock'><span class='hr-inner' ><span class='hr-inner-style'><\/span><\/span><\/div>\n<section class=\"av_textblock_section\"  itemscope=\"itemscope\" itemtype=\"https:\/\/schema.org\/CreativeWork\" ><div class='avia_textblock  av_inherit_color'  style='color:#ffffff; '  itemprop=\"text\" ><h6 style=\"text-align: center; color: #634098;\"><span class=\"a_GcMg font-feature-liga-off font-feature-clig-off font-feature-calt-off text-decoration-none text-strikethrough-none\">Source : Institut National du cancer et fondation recherche m\u00e9dicale<\/span><\/h6>\n<\/div><\/section>\n<\/p>\n<\/div><\/div><\/div><!-- close content main div --><\/div><\/div><div id='av_section_4'  class='avia-section main_color avia-section-default avia-no-border-styling  avia-bg-style-scroll  avia-builder-el-42  el_after_av_section  el_before_av_section   container_wrap sidebar_right' style='background-color: #634098;  '  ><div class='container' ><div class='template-page content  av-content-small alpha units'><div class='post-entry post-entry-type-page post-entry-5458'><div class='entry-content-wrapper clearfix'>\n<div class=\"flex_column av_one_fifth  flex_column_div av-zero-column-padding first  avia-builder-el-43  el_before_av_three_fifth  avia-builder-el-first\" style='border-radius:0px; '><\/div><div class=\"flex_column av_three_fifth  flex_column_div   avia-builder-el-44  el_after_av_one_fifth  el_before_av_one_fifth\" style='background: #eae1ef; padding:50px; background-color:#eae1ef; border-radius:20px; '><section class=\"av_textblock_section\"  itemscope=\"itemscope\" itemtype=\"https:\/\/schema.org\/CreativeWork\" ><div class='avia_textblock  av_inherit_color'  style='color:#ffffff; '  itemprop=\"text\" ><h1 style=\"text-align: center; color: #634098;\"><span class=\"a_GcMg font-feature-liga-off font-feature-clig-off font-feature-calt-off text-decoration-none text-strikethrough-none\">Un engagement renforc\u00e9 aux<br \/>\nc\u00f4t\u00e9s d\u2019UN acteur expert<\/span><\/h1>\n<\/div><\/section><br \/>\n<div  style='height:70px' class='hr hr-invisible   avia-builder-el-46  el_after_av_textblock  el_before_av_image'><span class='hr-inner' ><span class='hr-inner-style'><\/span><\/span><\/div><br \/>\n<div  class='avia-image-container  av-styling-    avia-builder-el-47  el_after_av_hr  el_before_av_hr  avia-align-center'  itemprop=\"image\" itemscope=\"itemscope\" itemtype=\"https:\/\/schema.org\/ImageObject\"  ><div class='avia-image-container-inner'><div class='avia-image-overlay-wrap'><img decoding=\"async\" class='wp-image-10468 avia-img-lazy-loading-not-10468 avia_image' src=\"https:\/\/karesantegroupe.com\/wp-content\/uploads\/2026\/04\/LOGO-FACP-VIOLET.png\" alt='' title='LOGO FACP VIOLET' height=\"142\" width=\"289\"  itemprop=\"thumbnailUrl\" srcset=\"https:\/\/karesantegroupe.com\/wp-content\/uploads\/2026\/04\/LOGO-FACP-VIOLET.png 289w, https:\/\/karesantegroupe.com\/wp-content\/uploads\/2026\/04\/LOGO-FACP-VIOLET-18x9.png 18w\" sizes=\"(max-width: 289px) 100vw, 289px\" \/><\/div><\/div><\/div><br \/>\n<div  style='height:70px' class='hr hr-invisible   avia-builder-el-48  el_after_av_image  el_before_av_textblock'><span class='hr-inner' ><span class='hr-inner-style'><\/span><\/span><\/div><br \/>\n<section class=\"av_textblock_section\"  itemscope=\"itemscope\" itemtype=\"https:\/\/schema.org\/CreativeWork\" ><div class='avia_textblock  av_inherit_color'  style='color:#ffffff; '  itemprop=\"text\" ><h3 style=\"text-align: center; color: #634098;\">C\u2019est dans cette dynamique que Kare Sant\u00e9 s\u2019engage pleinement \u00e0 travers Mai Violet, en s\u2019appuyant sur des partenaires reconnus tels que<br \/>\nFrance Asso Cancer et Peau.<\/h3>\n<h3 style=\"text-align: center; color: #634098;\">\nCette collaboration permet de porter un message cr\u00e9dible et puissant, tout en valorisant le r\u00f4le central des pharmaciens dans la pr\u00e9vention et la lutte contre les cancers cutan\u00e9s.<\/h3>\n<\/div><\/section><\/p><\/div><div class=\"flex_column av_one_fifth  flex_column_div av-zero-column-padding   avia-builder-el-50  el_after_av_three_fifth  el_before_av_hr\" style='border-radius:0px; '><\/div><div  style='height:150px' class='hr hr-invisible   avia-builder-el-51  el_after_av_one_fifth  el_before_av_one_full'><span class='hr-inner' ><span class='hr-inner-style'><\/span><\/span><\/div>\n<div class=\"flex_column av_one_full  flex_column_div av-zero-column-padding first  avia-builder-el-52  el_after_av_hr  el_before_av_hr\" style='border-radius:0px; '><section class=\"av_textblock_section\"  itemscope=\"itemscope\" itemtype=\"https:\/\/schema.org\/CreativeWork\" ><div class='avia_textblock  av_inherit_color'  style='color:#ffffff; '  itemprop=\"text\" ><h3 style=\"text-align: center; color: #FFFFFF;\"><em><span class=\"a_GcMg font-feature-liga-off font-feature-clig-off font-feature-calt-off text-decoration-none text-strikethrough-none\">\u00ab <\/span><span class=\"a_GcMg font-feature-liga-off font-feature-clig-off font-feature-calt-off text-decoration-none text-strikethrough-none\">Avec Mai Violet, nous souhaitons valoriser le r\u00f4le essentiel de nos pharmaciens dans la pr\u00e9vention des cancers cutan\u00e9s et affirmer notre engagement dans les missions de sant\u00e9 publique. Notre dynamique ne s\u2019arr\u00eate pas l\u00e0 : nous construisons un partenariat durable avec France Asso Cancer et Peau, port\u00e9 par des actions concr\u00e8tes tout au long de l\u2019ann\u00e9e, dont Mai Violet est une \u00e9tape cl\u00e9.<\/span><span class=\"a_GcMg font-feature-liga-off font-feature-clig-off font-feature-calt-off text-decoration-none text-strikethrough-none\"> \u00bb<\/span><\/em><\/h3>\n<\/div><\/section><br \/>\n<section class=\"av_textblock_section\"  itemscope=\"itemscope\" itemtype=\"https:\/\/schema.org\/CreativeWork\" ><div class='avia_textblock  av_inherit_color'  style='color:#ffffff; '  itemprop=\"text\" ><h2 style=\"text-align: center; color: #FFFFFF;\"><span class=\"a_GcMg font-feature-liga-off font-feature-clig-off font-feature-calt-off text-decoration-none text-strikethrough-none\">Julien Gr\u00e9zanl\u00e9, Directeur du groupement Kare Sant\u00e9<\/span><\/h2>\n<\/div><\/section><\/p><\/div><div  style='height:100px' class='hr hr-invisible   avia-builder-el-55  el_after_av_one_full  el_before_av_one_full'><span class='hr-inner' ><span class='hr-inner-style'><\/span><\/span><\/div>\n<div class=\"flex_column av_one_full  flex_column_div av-zero-column-padding first  avia-builder-el-56  el_after_av_hr  el_before_av_one_full\" style='border-radius:0px; '><section class=\"av_textblock_section\"  itemscope=\"itemscope\" itemtype=\"https:\/\/schema.org\/CreativeWork\" ><div class='avia_textblock  av_inherit_color'  style='color:#ffffff; '  itemprop=\"text\" ><h3 style=\"text-align: center; color: #ffffff;\"><em><span class=\"a_GcMg font-feature-liga-off font-feature-clig-off font-feature-calt-off text-decoration-none text-strikethrough-none\">\u00ab Nos \u00e9quipes sont en premi\u00e8re ligne. Chaque semaine, nous orientons des patients vers un dermatologue suite \u00e0 une observation en comptoir. Mai Violet nous donne les outils pour amplifier ce r\u00f4le de relais de vigilance en sant\u00e9 publique. \u00bb<\/span><\/em><\/h3>\n<\/div><\/section><br \/>\n<section class=\"av_textblock_section\"  itemscope=\"itemscope\" itemtype=\"https:\/\/schema.org\/CreativeWork\" ><div class='avia_textblock  av_inherit_color'  style='color:#ffffff; '  itemprop=\"text\" ><h2 style=\"text-align: center; color: #ffffff;\"><span class=\"a_GcMg font-feature-liga-off font-feature-clig-off font-feature-calt-off text-decoration-none text-strikethrough-none\">Caroline Pourreyron, Pharmacienne titulaire, Pharmacie du Grand M (Montpellier)<\/span><\/h2>\n<\/div><\/section><\/p><\/div><div class=\"flex_column av_one_full  flex_column_div first  avia-builder-el-59  el_after_av_one_full  el_before_av_hr  column-top-margin\" style='background: #eae1ef; padding:50px; background-color:#eae1ef; border-radius:20px; '><section class=\"av_textblock_section\"  itemscope=\"itemscope\" itemtype=\"https:\/\/schema.org\/CreativeWork\" ><div class='avia_textblock  av_inherit_color'  style='color:#ffffff; '  itemprop=\"text\" ><h3 style=\"text-align: center; color: #634098;\">Tout au long du mois de mai, le r\u00e9seau de pharmacies Kare Sant\u00e9 se mobilise autour d\u2019actions de pr\u00e9vention et d\u2019information sur les cancers cutan\u00e9s. En officine, les \u00e9quipes d\u00e9livreront des conseils personnalis\u00e9s portant sur la photoprotection, la surveillance de la peau et l\u2019identification des signes d\u2019alerte. Des supports p\u00e9dagogiques seront \u00e9galement mis \u00e0 disposition afin de renforcer la sensibilisation des patients.<\/p>\n<p>Un dispositif solidaire compl\u00e8te cette d\u00e9marche : un gel douche d\u00e9di\u00e9 permet d\u2019associer le patient \u00e0 l\u2019action de pr\u00e9vention, avec 1\u20ac revers\u00e9 \u00e0 l\u2019association pour chaque gel douche vendu.<\/h3>\n<\/div><\/section><\/div><div  style='height:50px' class='hr hr-invisible   avia-builder-el-61  el_after_av_one_full  avia-builder-el-last'><span class='hr-inner' ><span class='hr-inner-style'><\/span><\/span><\/div>\n\n<\/div><\/div><\/div><!-- close content main div --><\/div><\/div><div id='av_section_5'  class='avia-section main_color avia-section-default avia-no-border-styling  avia-bg-style-scroll  avia-builder-el-62  el_after_av_section  avia-builder-el-last   container_wrap sidebar_right' style='background-color: #634098;  '  ><div class='container' ><div class='template-page content  av-content-small alpha units'><div class='post-entry post-entry-type-page post-entry-5458'><div class='entry-content-wrapper clearfix'>\n<div class=\"flex_column av_one_full  flex_column_div av-zero-column-padding first  avia-builder-el-63  el_before_av_button  avia-builder-el-first\" style='border-radius:0px; '><div  class='avia-image-container  av-styling-    avia-builder-el-64  avia-builder-el-no-sibling  avia-align-center'  itemprop=\"image\" itemscope=\"itemscope\" itemtype=\"https:\/\/schema.org\/ImageObject\"  ><div class='avia-image-container-inner'><div class='avia-image-overlay-wrap'><img decoding=\"async\" class='wp-image-10497 avia-img-lazy-loading-not-10497 avia_image' src=\"https:\/\/karesantegroupe.com\/wp-content\/uploads\/2026\/04\/GEL-DOUCHE-SOLIDAIRE-MAI-VIOLET-CLAIM_1.png\" alt='' title='GEL DOUCHE SOLIDAIRE MAI VIOLET CLAIM_1' height=\"1175\" width=\"1613\"  itemprop=\"thumbnailUrl\" srcset=\"https:\/\/karesantegroupe.com\/wp-content\/uploads\/2026\/04\/GEL-DOUCHE-SOLIDAIRE-MAI-VIOLET-CLAIM_1.png 1613w, https:\/\/karesantegroupe.com\/wp-content\/uploads\/2026\/04\/GEL-DOUCHE-SOLIDAIRE-MAI-VIOLET-CLAIM_1-300x219.png 300w, https:\/\/karesantegroupe.com\/wp-content\/uploads\/2026\/04\/GEL-DOUCHE-SOLIDAIRE-MAI-VIOLET-CLAIM_1-1030x750.png 1030w, https:\/\/karesantegroupe.com\/wp-content\/uploads\/2026\/04\/GEL-DOUCHE-SOLIDAIRE-MAI-VIOLET-CLAIM_1-768x559.png 768w, https:\/\/karesantegroupe.com\/wp-content\/uploads\/2026\/04\/GEL-DOUCHE-SOLIDAIRE-MAI-VIOLET-CLAIM_1-1536x1119.png 1536w, https:\/\/karesantegroupe.com\/wp-content\/uploads\/2026\/04\/GEL-DOUCHE-SOLIDAIRE-MAI-VIOLET-CLAIM_1-16x12.png 16w, https:\/\/karesantegroupe.com\/wp-content\/uploads\/2026\/04\/GEL-DOUCHE-SOLIDAIRE-MAI-VIOLET-CLAIM_1-1500x1093.png 1500w, https:\/\/karesantegroupe.com\/wp-content\/uploads\/2026\/04\/GEL-DOUCHE-SOLIDAIRE-MAI-VIOLET-CLAIM_1-705x514.png 705w\" sizes=\"(max-width: 1613px) 100vw, 1613px\" \/><\/div><\/div><\/div><\/div><div  class='avia-button-wrap avia-button-center  avia-builder-el-65  el_after_av_one_full  el_before_av_hr' ><a href='https:\/\/karesantegroupe.com\/es\/pharmacies-cpc-pharma\/'  class='avia-button  avia-color-theme-color   avia-icon_select-yes-left-icon avia-size-small avia-position-center'   ><span class='avia_button_icon avia_button_icon_left' aria-hidden='true' data-av_icon='\ue842' data-av_iconfont='entypo-fontello'><\/span><span class='avia_iconbox_title' >Encontrar mi farmacia<\/span><\/a><\/div>\n<div  style='height:50px' class='hr hr-invisible   avia-builder-el-66  el_after_av_button  el_before_av_one_fourth'><span class='hr-inner' ><span class='hr-inner-style'><\/span><\/span><\/div>\n<div class=\"flex_column av_one_fourth  flex_column_div first  avia-builder-el-67  el_after_av_hr  el_before_av_one_fourth\" style='margin-top:50; margin-bottom:50; background: #eae1ef; -webkit-transform: scale(1.1); -ms-transform: scale(1.1); transform: scale(1.1); z-index: 4;padding:50px; background-color:#eae1ef; border-radius:20px; '><p><div  class='avia-image-container  av-styling-    avia-builder-el-68  el_before_av_textblock  avia-builder-el-first  avia-align-center'  itemprop=\"image\" itemscope=\"itemscope\" itemtype=\"https:\/\/schema.org\/ImageObject\"  ><div class='avia-image-container-inner'><div class='avia-image-overlay-wrap'><img decoding=\"async\" class='wp-image-10527 avia-img-lazy-loading-not-10527 avia_image' src=\"https:\/\/karesantegroupe.com\/wp-content\/uploads\/2026\/04\/FLEUR-V3.png\" alt='' title='FLEUR V3' height=\"237\" width=\"204\"  itemprop=\"thumbnailUrl\" srcset=\"https:\/\/karesantegroupe.com\/wp-content\/uploads\/2026\/04\/FLEUR-V3.png 204w, https:\/\/karesantegroupe.com\/wp-content\/uploads\/2026\/04\/FLEUR-V3-10x12.png 10w\" sizes=\"(max-width: 204px) 100vw, 204px\" \/><\/div><\/div><\/div><br \/>\n<section class=\"av_textblock_section\"  itemscope=\"itemscope\" itemtype=\"https:\/\/schema.org\/CreativeWork\" ><div class='avia_textblock  av_inherit_color'  style='color:#ffffff; '  itemprop=\"text\" ><h1 style=\"text-align: center; color: #634098; font-size: 50px;\"><span class=\"a_GcMg font-feature-liga-off font-feature-clig-off font-feature-calt-off text-decoration-none text-strikethrough-none\">97%<\/span><\/h1>\n<\/div><\/section><br \/>\n<section class=\"av_textblock_section\"  itemscope=\"itemscope\" itemtype=\"https:\/\/schema.org\/CreativeWork\" ><div class='avia_textblock  av_inherit_color'  style='color:#ffffff; '  itemprop=\"text\" ><h3 style=\"text-align: center; color: #634098; text-transform: uppercase;\"><span class=\"a_GcMg font-feature-liga-off font-feature-clig-off font-feature-calt-off text-decoration-none text-strikethrough-none\">DES INGR\u00c9DIENTS D&rsquo;ORIGINE NATURELLE<\/span><\/h3>\n<\/div><\/section><\/p><\/div><div class=\"flex_column av_one_fourth  flex_column_div   avia-builder-el-71  el_after_av_one_fourth  el_before_av_one_fourth\" style='margin-top:50; margin-bottom:50; background: #eae1ef; -webkit-transform: scale(1.1); -ms-transform: scale(1.1); transform: scale(1.1); z-index: 4;padding:50px; background-color:#eae1ef; border-radius:20px; '><p><div  class='avia-image-container  av-styling-    avia-builder-el-72  el_before_av_textblock  avia-builder-el-first  avia-align-center'  itemprop=\"image\" itemscope=\"itemscope\" itemtype=\"https:\/\/schema.org\/ImageObject\"  ><div class='avia-image-container-inner'><div class='avia-image-overlay-wrap'><img decoding=\"async\" class='wp-image-10529 avia-img-lazy-loading-not-10529 avia_image' src=\"https:\/\/karesantegroupe.com\/wp-content\/uploads\/2026\/04\/RECYCLAGE-V3.png\" alt='' title='RECYCLAGE V3' height=\"237\" width=\"228\"  itemprop=\"thumbnailUrl\" srcset=\"https:\/\/karesantegroupe.com\/wp-content\/uploads\/2026\/04\/RECYCLAGE-V3.png 228w, https:\/\/karesantegroupe.com\/wp-content\/uploads\/2026\/04\/RECYCLAGE-V3-12x12.png 12w, https:\/\/karesantegroupe.com\/wp-content\/uploads\/2026\/04\/RECYCLAGE-V3-36x36.png 36w\" sizes=\"(max-width: 228px) 100vw, 228px\" \/><\/div><\/div><\/div><br \/>\n<section class=\"av_textblock_section\"  itemscope=\"itemscope\" itemtype=\"https:\/\/schema.org\/CreativeWork\" ><div class='avia_textblock  av_inherit_color'  style='color:#ffffff; '  itemprop=\"text\" ><h1 style=\"text-align: center; color: #634098; font-size: 50px;\"><span class=\"a_GcMg font-feature-liga-off font-feature-clig-off font-feature-calt-off text-decoration-none text-strikethrough-none\">100%<\/span><\/h1>\n<\/div><\/section><br \/>\n<section class=\"av_textblock_section\"  itemscope=\"itemscope\" itemtype=\"https:\/\/schema.org\/CreativeWork\" ><div class='avia_textblock  av_inherit_color'  style='color:#ffffff; '  itemprop=\"text\" ><h3 style=\"text-align: center; color: #634098; text-transform: uppercase;\"><span class=\"a_GcMg font-feature-liga-off font-feature-clig-off font-feature-calt-off text-decoration-none text-strikethrough-none\">BOUTEILLE RECYCLABLE<\/span><\/h3>\n<\/div><\/section><\/p><\/div><div class=\"flex_column av_one_fourth  flex_column_div   avia-builder-el-75  el_after_av_one_fourth  el_before_av_one_fourth\" style='margin-top:50; margin-bottom:50; background: #eae1ef; -webkit-transform: scale(1.1); -ms-transform: scale(1.1); transform: scale(1.1); z-index: 4;padding:50px; background-color:#eae1ef; border-radius:20px; '><p><div  class='avia-image-container  av-styling-    avia-builder-el-76  el_before_av_textblock  avia-builder-el-first  avia-align-center'  itemprop=\"image\" itemscope=\"itemscope\" itemtype=\"https:\/\/schema.org\/ImageObject\"  ><div class='avia-image-container-inner'><div class='avia-image-overlay-wrap'><img decoding=\"async\" class='wp-image-10528 avia-img-lazy-loading-not-10528 avia_image' src=\"https:\/\/karesantegroupe.com\/wp-content\/uploads\/2026\/04\/FRANCE-V3.png\" alt='' title='FRANCE V3' height=\"237\" width=\"245\"  itemprop=\"thumbnailUrl\" srcset=\"https:\/\/karesantegroupe.com\/wp-content\/uploads\/2026\/04\/FRANCE-V3.png 245w, https:\/\/karesantegroupe.com\/wp-content\/uploads\/2026\/04\/FRANCE-V3-12x12.png 12w, https:\/\/karesantegroupe.com\/wp-content\/uploads\/2026\/04\/FRANCE-V3-36x36.png 36w\" sizes=\"(max-width: 245px) 100vw, 245px\" \/><\/div><\/div><\/div><br \/>\n<section class=\"av_textblock_section\"  itemscope=\"itemscope\" itemtype=\"https:\/\/schema.org\/CreativeWork\" ><div class='avia_textblock  av_inherit_color'  style='color:#ffffff; '  itemprop=\"text\" ><h3 style=\"text-align: center; color: #634098; text-transform: uppercase;\"><span class=\"a_GcMg font-feature-liga-off font-feature-clig-off font-feature-calt-off text-decoration-none text-strikethrough-none\">FABRIQU\u00c9 EN<\/span><\/h3>\n<\/div><\/section><br \/>\n<section class=\"av_textblock_section\"  itemscope=\"itemscope\" itemtype=\"https:\/\/schema.org\/CreativeWork\" ><div class='avia_textblock  av_inherit_color'  style='color:#ffffff; '  itemprop=\"text\" ><h1 style=\"text-align: center; color: #634098;\">FRANCE<\/h1>\n<\/div><\/section><\/p><\/div><div class=\"flex_column av_one_fourth  flex_column_div   avia-builder-el-79  el_after_av_one_fourth  avia-builder-el-last\" style='margin-top:50; margin-bottom:50; background: #eae1ef; -webkit-transform: scale(1.1); -ms-transform: scale(1.1); transform: scale(1.1); z-index: 4;padding:50px; background-color:#eae1ef; border-radius:20px; '><p><div  class='avia-image-container  av-styling-    avia-builder-el-80  el_before_av_textblock  avia-builder-el-first  avia-align-center'  itemprop=\"image\" itemscope=\"itemscope\" itemtype=\"https:\/\/schema.org\/ImageObject\"  ><div class='avia-image-container-inner'><div class='avia-image-overlay-wrap'><img decoding=\"async\" class='wp-image-10526 avia-img-lazy-loading-not-10526 avia_image' src=\"https:\/\/karesantegroupe.com\/wp-content\/uploads\/2026\/04\/BEAUTE-V3.png\" alt='' title='BEAUTE\u0301 V3' height=\"237\" width=\"218\"  itemprop=\"thumbnailUrl\" srcset=\"https:\/\/karesantegroupe.com\/wp-content\/uploads\/2026\/04\/BEAUTE-V3.png 218w, https:\/\/karesantegroupe.com\/wp-content\/uploads\/2026\/04\/BEAUTE-V3-11x12.png 11w\" sizes=\"(max-width: 218px) 100vw, 218px\" \/><\/div><\/div><\/div><br \/>\n<section class=\"av_textblock_section\"  itemscope=\"itemscope\" itemtype=\"https:\/\/schema.org\/CreativeWork\" ><div class='avia_textblock  av_inherit_color'  style='color:#ffffff; '  itemprop=\"text\" ><h3 style=\"text-align: center; color: #634098; text-transform: uppercase;\"><span class=\"a_GcMg font-feature-liga-off font-feature-clig-off font-feature-calt-off text-decoration-none text-strikethrough-none\">TOUS TYPES DE PEAUX<\/span><\/h3>\n<\/div><\/section><\/p><\/div>\n<\/div><\/div><\/div><!-- close content main div --><\/div><\/div><div id='after_section_5'  class='main_color av_default_container_wrap container_wrap sidebar_right' style=' '  ><div class='container' ><div class='template-page content  av-content-small alpha units'><div class='post-entry post-entry-type-page post-entry-5458'><div class='entry-content-wrapper clearfix'>","protected":false},"excerpt":{"rendered":"","protected":false},"author":4,"featured_media":0,"parent":0,"menu_order":0,"comment_status":"closed","ping_status":"closed","template":"","meta":{"footnotes":""},"class_list":["post-5458","page","type-page","status-publish","hentry"],"yoast_head":"<!-- This site is optimized with the Yoast SEO plugin v27.5 - https:\/\/yoast.com\/product\/yoast-seo-wordpress\/ -->\n<title>Campagne mai violet KARE SANT\u00c9 - Kare Sant\u00e9 Groupe<\/title>\n<meta name=\"robots\" content=\"index, follow, max-snippet:-1, max-image-preview:large, max-video-preview:-1\" \/>\n<link rel=\"canonical\" href=\"https:\/\/karesantegroupe.com\/es\/campagne-mai-violet-kare-sante\/\" \/>\n<meta property=\"og:locale\" content=\"es_ES\" \/>\n<meta property=\"og:type\" content=\"article\" \/>\n<meta property=\"og:title\" content=\"Campagne mai violet KARE SANT\u00c9 - Kare Sant\u00e9 Groupe\" \/>\n<meta property=\"og:url\" content=\"https:\/\/karesantegroupe.com\/es\/campagne-mai-violet-kare-sante\/\" \/>\n<meta property=\"og:site_name\" content=\"Kare Sant\u00e9 Groupe\" \/>\n<meta property=\"article:publisher\" content=\"https:\/\/www.facebook.com\/people\/Cartepharmaclub\/100083269878462\/\" \/>\n<meta property=\"article:modified_time\" content=\"2026-05-01T12:40:06+00:00\" \/>\n<meta name=\"twitter:card\" content=\"summary_large_image\" \/>\n<meta name=\"twitter:label1\" content=\"Tiempo de lectura\" \/>\n\t<meta name=\"twitter:data1\" content=\"15 minutos\" \/>\n<script type=\"application\/ld+json\" class=\"yoast-schema-graph\">{\"@context\":\"https:\\\/\\\/schema.org\",\"@graph\":[{\"@type\":\"WebPage\",\"@id\":\"https:\\\/\\\/karesantegroupe.com\\\/campagne-mai-violet-kare-sante\\\/\",\"url\":\"https:\\\/\\\/karesantegroupe.com\\\/campagne-mai-violet-kare-sante\\\/\",\"name\":\"Campagne mai violet KARE SANT\u00c9 - Kare Sant\u00e9 Groupe\",\"isPartOf\":{\"@id\":\"https:\\\/\\\/karesantegroupe.com\\\/#website\"},\"datePublished\":\"2022-04-08T15:17:48+00:00\",\"dateModified\":\"2026-05-01T12:40:06+00:00\",\"breadcrumb\":{\"@id\":\"https:\\\/\\\/karesantegroupe.com\\\/campagne-mai-violet-kare-sante\\\/#breadcrumb\"},\"inLanguage\":\"es\",\"potentialAction\":[{\"@type\":\"ReadAction\",\"target\":[\"https:\\\/\\\/karesantegroupe.com\\\/campagne-mai-violet-kare-sante\\\/\"]}]},{\"@type\":\"BreadcrumbList\",\"@id\":\"https:\\\/\\\/karesantegroupe.com\\\/campagne-mai-violet-kare-sante\\\/#breadcrumb\",\"itemListElement\":[{\"@type\":\"ListItem\",\"position\":1,\"name\":\"Accueil\",\"item\":\"https:\\\/\\\/karesantegroupe.com\\\/accueil\\\/\"},{\"@type\":\"ListItem\",\"position\":2,\"name\":\"Campagne mai violet KARE SANT\u00c9\"}]},{\"@type\":\"WebSite\",\"@id\":\"https:\\\/\\\/karesantegroupe.com\\\/#website\",\"url\":\"https:\\\/\\\/karesantegroupe.com\\\/\",\"name\":\"Kare Sant\u00e9 Groupe\",\"description\":\"Un site utilisant WordPress\",\"publisher\":{\"@id\":\"https:\\\/\\\/karesantegroupe.com\\\/#organization\"},\"potentialAction\":[{\"@type\":\"SearchAction\",\"target\":{\"@type\":\"EntryPoint\",\"urlTemplate\":\"https:\\\/\\\/karesantegroupe.com\\\/?s={search_term_string}\"},\"query-input\":{\"@type\":\"PropertyValueSpecification\",\"valueRequired\":true,\"valueName\":\"search_term_string\"}}],\"inLanguage\":\"es\"},{\"@type\":\"Organization\",\"@id\":\"https:\\\/\\\/karesantegroupe.com\\\/#organization\",\"name\":\"Kare Sant\u00e9 Groupe\",\"url\":\"https:\\\/\\\/karesantegroupe.com\\\/\",\"logo\":{\"@type\":\"ImageObject\",\"inLanguage\":\"es\",\"@id\":\"https:\\\/\\\/karesantegroupe.com\\\/#\\\/schema\\\/logo\\\/image\\\/\",\"url\":\"https:\\\/\\\/karesantegroupe.com\\\/wp-content\\\/uploads\\\/2025\\\/10\\\/KARE-SANTE_HORIZONTAL_COULEURS-scaled.png\",\"contentUrl\":\"https:\\\/\\\/karesantegroupe.com\\\/wp-content\\\/uploads\\\/2025\\\/10\\\/KARE-SANTE_HORIZONTAL_COULEURS-scaled.png\",\"width\":2560,\"height\":951,\"caption\":\"Kare Sant\u00e9 Groupe\"},\"image\":{\"@id\":\"https:\\\/\\\/karesantegroupe.com\\\/#\\\/schema\\\/logo\\\/image\\\/\"},\"sameAs\":[\"https:\\\/\\\/www.facebook.com\\\/people\\\/Cartepharmaclub\\\/100083269878462\\\/\",\"https:\\\/\\\/www.instagram.com\\\/kare_le_club\\\/\",\"https:\\\/\\\/www.linkedin.com\\\/company\\\/karesante\\\/\"]}]}<\/script>\n<!-- \/ Yoast SEO plugin. -->","yoast_head_json":{"title":"Campagne mai violet KARE SANT\u00c9 - Kare Sant\u00e9 Groupe","robots":{"index":"index","follow":"follow","max-snippet":"max-snippet:-1","max-image-preview":"max-image-preview:large","max-video-preview":"max-video-preview:-1"},"canonical":"https:\/\/karesantegroupe.com\/es\/campagne-mai-violet-kare-sante\/","og_locale":"es_ES","og_type":"article","og_title":"Campagne mai violet KARE SANT\u00c9 - Kare Sant\u00e9 Groupe","og_url":"https:\/\/karesantegroupe.com\/es\/campagne-mai-violet-kare-sante\/","og_site_name":"Kare Sant\u00e9 Groupe","article_publisher":"https:\/\/www.facebook.com\/people\/Cartepharmaclub\/100083269878462\/","article_modified_time":"2026-05-01T12:40:06+00:00","twitter_card":"summary_large_image","twitter_misc":{"Tiempo de lectura":"15 minutos"},"schema":{"@context":"https:\/\/schema.org","@graph":[{"@type":"WebPage","@id":"https:\/\/karesantegroupe.com\/campagne-mai-violet-kare-sante\/","url":"https:\/\/karesantegroupe.com\/campagne-mai-violet-kare-sante\/","name":"Campagne mai violet KARE SANT\u00c9 - Kare Sant\u00e9 Groupe","isPartOf":{"@id":"https:\/\/karesantegroupe.com\/#website"},"datePublished":"2022-04-08T15:17:48+00:00","dateModified":"2026-05-01T12:40:06+00:00","breadcrumb":{"@id":"https:\/\/karesantegroupe.com\/campagne-mai-violet-kare-sante\/#breadcrumb"},"inLanguage":"es","potentialAction":[{"@type":"ReadAction","target":["https:\/\/karesantegroupe.com\/campagne-mai-violet-kare-sante\/"]}]},{"@type":"BreadcrumbList","@id":"https:\/\/karesantegroupe.com\/campagne-mai-violet-kare-sante\/#breadcrumb","itemListElement":[{"@type":"ListItem","position":1,"name":"Accueil","item":"https:\/\/karesantegroupe.com\/accueil\/"},{"@type":"ListItem","position":2,"name":"Campagne mai violet KARE SANT\u00c9"}]},{"@type":"WebSite","@id":"https:\/\/karesantegroupe.com\/#website","url":"https:\/\/karesantegroupe.com\/","name":"Kare Sant\u00e9 Groupe","description":"Un site utilisant WordPress","publisher":{"@id":"https:\/\/karesantegroupe.com\/#organization"},"potentialAction":[{"@type":"SearchAction","target":{"@type":"EntryPoint","urlTemplate":"https:\/\/karesantegroupe.com\/?s={search_term_string}"},"query-input":{"@type":"PropertyValueSpecification","valueRequired":true,"valueName":"search_term_string"}}],"inLanguage":"es"},{"@type":"Organization","@id":"https:\/\/karesantegroupe.com\/#organization","name":"Kare Sant\u00e9 Groupe","url":"https:\/\/karesantegroupe.com\/","logo":{"@type":"ImageObject","inLanguage":"es","@id":"https:\/\/karesantegroupe.com\/#\/schema\/logo\/image\/","url":"https:\/\/karesantegroupe.com\/wp-content\/uploads\/2025\/10\/KARE-SANTE_HORIZONTAL_COULEURS-scaled.png","contentUrl":"https:\/\/karesantegroupe.com\/wp-content\/uploads\/2025\/10\/KARE-SANTE_HORIZONTAL_COULEURS-scaled.png","width":2560,"height":951,"caption":"Kare Sant\u00e9 Groupe"},"image":{"@id":"https:\/\/karesantegroupe.com\/#\/schema\/logo\/image\/"},"sameAs":["https:\/\/www.facebook.com\/people\/Cartepharmaclub\/100083269878462\/","https:\/\/www.instagram.com\/kare_le_club\/","https:\/\/www.linkedin.com\/company\/karesante\/"]}]}},"_links":{"self":[{"href":"https:\/\/karesantegroupe.com\/es\/wp-json\/wp\/v2\/pages\/5458","targetHints":{"allow":["GET"]}}],"collection":[{"href":"https:\/\/karesantegroupe.com\/es\/wp-json\/wp\/v2\/pages"}],"about":[{"href":"https:\/\/karesantegroupe.com\/es\/wp-json\/wp\/v2\/types\/page"}],"author":[{"embeddable":true,"href":"https:\/\/karesantegroupe.com\/es\/wp-json\/wp\/v2\/users\/4"}],"replies":[{"embeddable":true,"href":"https:\/\/karesantegroupe.com\/es\/wp-json\/wp\/v2\/comments?post=5458"}],"version-history":[{"count":74,"href":"https:\/\/karesantegroupe.com\/es\/wp-json\/wp\/v2\/pages\/5458\/revisions"}],"predecessor-version":[{"id":10547,"href":"https:\/\/karesantegroupe.com\/es\/wp-json\/wp\/v2\/pages\/5458\/revisions\/10547"}],"wp:attachment":[{"href":"https:\/\/karesantegroupe.com\/es\/wp-json\/wp\/v2\/media?parent=5458"}],"curies":[{"name":"wp","href":"https:\/\/api.w.org\/{rel}","templated":true}]}}